{"id":2971,"date":"2025-05-20T12:37:23","date_gmt":"2025-05-20T12:37:23","guid":{"rendered":"https:\/\/personal-shopper-graz.at\/?post_type=product&#038;p=2971"},"modified":"2025-12-06T21:11:32","modified_gmt":"2025-12-06T21:11:32","slug":"malu-wilz-protect-sun-powder-foundation-spf50-nachfuellung","status":"publish","type":"product","link":"https:\/\/personal-shopper-graz.at\/?product=malu-wilz-protect-sun-powder-foundation-spf50-nachfuellung","title":{"rendered":"Malu Wilz Protect Sun Powder Foundation SPF50 Nachf\u00fcllung"},"content":{"rendered":"<div class=\"product--description\">\n<div class=\"product--application-text\">Tragen Sie eine kleine Menge der Puder Foundationmit dem Schw\u00e4mmchen auf. Beginnen Sie in der Mitte des Gesichts und verteilen Sie gleichm\u00e4\u00dfig nach au\u00dfen. Hinweis: Die HIGH PROTECT SUN POWDER FOUNDATION SPF 50 (nach feuchter Anwendung) vor dem Verschlie\u00dfen gut trocknen lassen.<\/div>\n<\/div>\n<div>\n<p>*F\u00fcr einen l\u00e4ngeren Aufenthalt in der Sonne wird die Anwendung einer zus\u00e4tzlichen Pflege mit Lichtschutzfaktor als Grundlage empfohlen.<\/p>\n<p>*Parf\u00fcm-und parabenfrei, Mineral\u00f6lfrei, \u00d6lfrei<\/p>\n<p>*Hautvertr\u00e4glichkeit dermatologisch best\u00e4tigt<\/p>\n<\/div>\n<p>Inhaltsstoffe:<\/p>\n<p>MICA, TALC, ZINC OXIDE, DIMETHICONE, SILICA, POLYMETHYL METHACRYLATE, TRIMETHYLSILOXYPHENYL DIMETHICONE, MAGNESIUM MYRISTATE, ETHYLENE\/ACRYLIC ACID COPOLYMER, OCTYLDODECYL STEAROYL STEARATE, DIISOSTEARYL MALATE, DEHYDROACETIC ACID, SORBIC ACID, [+\/- (MAY CONTAIN) CI 77491 (IRON OXIDES), CI 77492 (IRON OXIDES), CI 77499 (IRON OXIDES), CI 77891 (TITANIUM DIOXIDE)<\/p>\n<div id=\"dpahahyoutubeVideoPipContainer\" class=\"youtubeVideoPipScaleup\" style=\"z-index: 1102; display: none;\"><\/div>\n","protected":false},"excerpt":{"rendered":"<div class=\"product--description\">\n<p>Die optimale Kombination von hohem Sonnenschutz und nat\u00fcrlich mattierender Puder Foundation in einem Produkt, mit einem SPF von 50 (und den darin enthaltenen UVA-und UVB-Filtern) wirkt die Formulierung lichtbedingter Hautalterung und Zellsch\u00e4den entgegen. Die weiche Textur l\u00e4sst sich einfach auftragen, gleichm\u00e4\u00dfig verteilen und passt sich ideal der Haut an, frischer Teint dank optimaler Farbabgabe und mikro-feiner Puderpartikel, die das Licht reflektieren und so die Sichtbarkeit kleiner F\u00e4ltchen und Unebenheiten minimieren. Durch Auftrag mit einem feuchten Schw\u00e4mmchen kann die Deckkraft noch gesteigert werden, die High-Tech Formulierung, die den \u00fcbersch\u00fcssigen Talg absorbieren und so f\u00fcr einen mattierten Teintsorgen. Dank der ausgew\u00e4hlten Inhaltsstoffe und Pigmente wirkt die Foundation \u00fcber Stunden frisch und farbecht auf der Haut.<\/p>\n<p>&nbsp;<\/p>\n<\/div>\n","protected":false},"featured_media":3268,"template":"","meta":{"_kad_post_transparent":"","_kad_post_title":"","_kad_post_layout":"","_kad_post_sidebar_id":"","_kad_post_content_style":"","_kad_post_vertical_padding":"","_kad_post_feature":"","_kad_post_feature_position":"","_kad_post_header":false,"_kad_post_footer":false,"_kad_post_classname":""},"product_brand":[],"product_cat":[26,44,18],"product_tag":[39],"class_list":{"0":"post-2971","1":"product","2":"type-product","3":"status-publish","4":"has-post-thumbnail","6":"product_cat-make-up","7":"product_cat-malu-wilz","8":"product_cat-powder","9":"product_tag-make-up","11":"first","12":"instock","13":"shipping-taxable","14":"purchasable","15":"product-type-variable","16":"entry","17":"content-bg","18":"loop-entry"},"_links":{"self":[{"href":"https:\/\/personal-shopper-graz.at\/index.php?rest_route=\/wp\/v2\/product\/2971","targetHints":{"allow":["GET"]}}],"collection":[{"href":"https:\/\/personal-shopper-graz.at\/index.php?rest_route=\/wp\/v2\/product"}],"about":[{"href":"https:\/\/personal-shopper-graz.at\/index.php?rest_route=\/wp\/v2\/types\/product"}],"wp:featuredmedia":[{"embeddable":true,"href":"https:\/\/personal-shopper-graz.at\/index.php?rest_route=\/wp\/v2\/media\/3268"}],"wp:attachment":[{"href":"https:\/\/personal-shopper-graz.at\/index.php?rest_route=%2Fwp%2Fv2%2Fmedia&parent=2971"}],"wp:term":[{"taxonomy":"product_brand","embeddable":true,"href":"https:\/\/personal-shopper-graz.at\/index.php?rest_route=%2Fwp%2Fv2%2Fproduct_brand&post=2971"},{"taxonomy":"product_cat","embeddable":true,"href":"https:\/\/personal-shopper-graz.at\/index.php?rest_route=%2Fwp%2Fv2%2Fproduct_cat&post=2971"},{"taxonomy":"product_tag","embeddable":true,"href":"https:\/\/personal-shopper-graz.at\/index.php?rest_route=%2Fwp%2Fv2%2Fproduct_tag&post=2971"}],"curies":[{"name":"wp","href":"https:\/\/api.w.org\/{rel}","templated":true}]}}